{"id":200730,"date":"2024-02-07T11:36:50","date_gmt":"2024-02-07T09:36:50","guid":{"rendered":"http:\/\/mediagear.ee\/privacy-policy\/"},"modified":"2025-06-10T08:26:44","modified_gmt":"2025-06-10T06:26:44","slug":"privaatsuspoliitika","status":"publish","type":"page","link":"https:\/\/mediagear.ee\/et\/privaatsuspoliitika\/","title":{"rendered":"Privaatsuspoliitika"},"content":{"rendered":"<h1 class=\"wp-block-heading\">Isikuandmete kaitse ja privaatsuspoliitika l\u00e4htuvalt isikuandmete kaitse \u00fcldm\u00e4\u00e4rusest (GDPR)<\/h1>\n<p>K\u00e4esolev isikuandmete kaitse ja privaatsuspoliitika \u00fclevaade annab infot selle kohta, kuidas ja milleks Mediagear O\u00dc kodulehe k\u00fclastajate andmeid (sh p\u00e4ringu saatjad, kliendilepingu s\u00f5lmijad) kogub, t\u00f6\u00f6tleb, jagab. Privaatsuspoliitika l\u00e4htub andmekaitse \u00fcldregulatsioonist (GDPR \u2013 General Data Protection Regulation), millega saab l\u00e4hemalt tutvuda ametlikul veebilehel\u00a0<a href=\"https:\/\/www.eugdpr.org\/eugdpr.org-1.html\">https:\/\/www.eugdpr.org\/eugdpr.org-1.html<\/a>.<\/p>\n<p>Isikuandmete kaitse ja privaatsuspoliitika eesm\u00e4rk on tagada klientide privaatsus koosk\u00f5las Eesti Vabariigi seaduste ja Euroopa Liidu \u00f5igusaktidega.<\/p>\n<p>\u201eIsikuandmetena\u201c kajastuvad mis tahes teave tuvastatud v\u00f5i tuvastatava f\u00fc\u00fcsilise isiku kohta. N\u00e4iteks nimi, telefoninumber, postiaadress, e-posti aadress. Samuti kuulub \u201cisikuandmete\u201d alla Mediagear O\u00dc poolt kogutav teave \u2013 kodulehe k\u00fclastused, erinevad sotsiaalmeedia kanalid ja meie poolt pakutavate teenuste kasutamine.<\/p>\n<p>Kasutades Mediagear O\u00dc-le kuuluvat veebilehte, n\u00f5ustute k\u00fcpsiste kasutamisega ja isikuandmete t\u00f6\u00f6tlemise tingimustega, mis on kirjeldatud meie Privaatsuspoliitikas.\u00a0Privaatsuspoliitika ja k\u00fcpsised kodulehel on kehtiv alates 25.05.2018. K\u00f5ik varem kogutud andmed vajavad \u201cisikuandmete\u201d kontrollimist ja koosk\u00f5lastamist ning vastavusse viimist GDPR seaduses etten\u00e4hutd punktidega.<\/p>\n<h2 class=\"wp-block-heading\">Kelle andmeid Mediagear O\u00dc t\u00f6\u00f6tleb?<\/h2>\n<p>GDPR k\u00fcsimusi puudutavate k\u00fcsimuste korral kirjuta\u00a0<span id=\"eeb-468030-513736\"><span id=\"eeb-236854-163025\">info@mediagear.ee<\/span><\/span>.<\/p>\n<p>Mediagear O\u00dc kasutab nende andmeid, kes on saatnud sooviavalduse (k\u00fcsimuse n\u00e4iteks kontaktivormi v\u00f5i e-kirja kaudu) meie teenuste kohta v\u00f5i on varem kasutanud teenuseid v\u00f5i on siiani kasutamas teenuseid. Kogume ja kasutame p\u00fcsiklientide ja kontakteerunud isikute (sealhulgas \u201cvanad\u201d ehk \u201cmitteaktiivsed kliendid\u201d) andmeid. Kasutame andmeid, mis on kogutud avalikest allikatest (selles sisaldub ka kolmanda osapoole soovitusena saadetud avalik info).<\/p>\n<h2 class=\"wp-block-heading\">Isikuandmete t\u00f6\u00f6tlemise eesm\u00e4rgid ja \u00f5iguslikud alused<\/h2>\n<p>Mediagear O\u00dc klientide ehk teenuste kasutajate isikuandmeid t\u00f6\u00f6tleme selleks, et t\u00e4ita oma lepingulisi kohustusi. Klientide isikuandmeid ja ka neilt saadud infot kasutame selleks, et pakkuda olemasolevatele klientidele (ja ka potentsiaalsetele) kvaliteetsemat teenust ja t\u00e4psemat infot.\u00a0<em>Kui Mediagear O\u00dc t\u00f6\u00f6tleb isikuandmeid mainitud eesm\u00e4rkidel, siis on kogutud isikuandmete t\u00f6\u00f6tlemise \u00f5iguslikuks aluseks meie \u00f5igustatud huvi tagada pakutava teenuse korrektne ja v\u00f5imalusel kvaliteetsem osutamine.<\/em><\/p>\n<p>Mediagear O\u00dc turunduskanalitest (sh koduleht, sotsiaalmeedia) kogume andmeid kanalite toimuvuse ja kasutusotstarbekuse kohta. Lisaks kogume v\u00f5imalusel andmeid potentsiaalsete klientide huvide ja eesm\u00e4rkide kohta, et t\u00f5sta enda kliendisuhtluse taset, m\u00f5istes paremini klientide tegelikke huve ja eesm\u00e4rke ning pakkuda kvaliteetsemat teenust, t\u00e4psemat informatsiooni ja tagada (t\u00e4iustada) Mediagear O\u00dc kodulehe funktsionaalsuse kasutajas\u00f5bralikkus.\u00a0<em>Kui Mediagear O\u00dc t\u00f6\u00f6tleb isikuandmeid mainitud eesm\u00e4rkidel on t\u00f6\u00f6tlemise \u00f5iguslikuks aluseks meie \u00f5igustatud huvi m\u00f5ista paremini klientide vajadus, et tagada paremat teenust.<\/em><\/p>\n<p><em>N\u00c4IDE.<\/em>\u00a0Mediagear O\u00dc t\u00f6\u00f6tleb andmeid: teenusep\u00e4ringute kohta; meie poolt saadetud uudiskirjade avamise lugemise ja kirjas sisalduvate v\u00e4ljuvate linkide (suunamised m\u00f5nele kodulehele) kasutamise kohta; klientide poolt saadetud tagasiside, et parandada ja t\u00e4iustada pakutava teenuse kvaliteeti.<\/p>\n<p>Mediagear O\u00dc t\u00f6\u00f6tleb isikuandmeid v\u00e4ljatoodud eesm\u00e4rkidel:\u00a0kliendibaasi loomine ja haldamine; kliendile uute teenuste pakkumine ja olemasolevate teenuste t\u00e4iendamine (parendamine); kliendi (sh potentsiaalse) p\u00e4ringutele korrektne vastamine; Mediagear O\u00dc teenuste anal\u00fc\u00fcsimine, t\u00e4iustamine; Mediagear O\u00dc turunduskanalite (sh koduleht) haldamine ja parem toimimine.<\/p>\n<h2 class=\"wp-block-heading\">Kuidas Mediagear O\u00dc isikuandmeid kogub<\/h2>\n<p>Isikuandmeid kogume otse andmesubjektidelt koos nende n\u00f5usolekuga, kas e-kirja teel, p\u00e4ringuvormiga tagasiside saades (sh n\u00f5ustudes meilt kirju saama). Lisaks kasutame automaatseid andmekogumisvahendeid (nt kodulehe anal\u00fc\u00fcsiprogramm\u00a0<a href=\"https:\/\/www.google.com\/analytics\/#?modal_active=none\" data-et-has-event-already=\"true\">Google Analytics<\/a>), sealhulgas k\u00fcpsiseid (salvestavad kodulehe kasutustegevust) ja teisi j\u00e4lgimisvahendeid, mis aitavad kaasa Mediagear O\u00dc kodulehe kasutajakogemuse paremaks optimeerimiseks ja tagavad seel\u00e4bi pakutavate teenuste k\u00f5rge kvaliteedi ja kliendile mugava navigeerimise kodulehel.<\/p>\n<p>Kodulehel kasutame k\u00fcpsiseid (Cookies) ja pikslisilte (Pixel), mis on vabatahtlikud igale kodulehe k\u00fclastajale ja on v\u00f5imalik keelduda.<\/p>\n<p>K\u00fcpsis\u00a0(<a href=\"https:\/\/en.wikipedia.org\/wiki\/HTTP_cookie\">cookie<\/a>) on v\u00e4ikesemahuline tekstifail, mille veebiserver saadab kasutaja veebilehitsejale (<em>Web Browser<\/em>\u00a0\u2013 nt Chrome, Safari, Firefox, Internet Explorer, Opera) ja mis salvestatakse kasutaja arvuti k\u00f5vakettale (tavaliselt\u00a0<em>Temporary files<\/em>\u00a0alla). K\u00fcpsised v\u00f5imaldavad meelde j\u00e4tta kasutaja eelistused (n\u00e4iteks kasutatav kirjasuurus, suhtluskeel, arvuti asukoht, seadmeinfo, enim k\u00fclastatud veebilehed \/ aadressid jms info), et pakkuda kliendile veebisirvija (mainitud\u00a0<em>Web Browser<\/em>\u2019d) kiiremat ja \u201ctargemat\u201d tegutsemist. Veebilehitsejad on vaikimisi m\u00e4\u00e4ratud k\u00fcpsiseid lubama, aga on j\u00e4etud v\u00f5imalus manuaalselt seadeid muuta sellliseks, et veebilehitseja keeldub k\u00fcpsistest, blokeerib kolmandate osapoolte k\u00fcpsised, teavitab kasutajat igast saadetud k\u00fcpsisest. Kui viimane punkt pole aktiveeritud, siis seda on kindlasti soovituslik teha, et tekiks \u00fclevaade kodulehtedest, mis salvestavad kasutaja isikuandmeid.<\/p>\n<p>Pikslisilt\u00a0on v\u00e4ike veebisaidi koodil\u00f5ik, mis v\u00f5imaldab k\u00fcpsiseid paigaldada ja lugeda. Pikslisildid k\u00e4ivituvad, kui kasutaja avab n\u00e4iteks m\u00f5ne e-kirja, saabub veebisaidile. Seej\u00e4rel registreeritakse, et kasutaja on e-kirja avanud v\u00f5i laaditakse alla kolmandate isikute k\u00fcpsiseid.<\/p>\n<h3 class=\"wp-block-heading\">Mediagear O\u00dc poolt kasutatavad k\u00fcpsised:<\/h3>\n<ul>\n<li>Seansik\u00fcpsised (ajutised k\u00fcpsised). Seansik\u00fcpsised on ajutised ning kaovad, kui veebilehelt lahkute v\u00f5i oma veebilehitseja sulgete. Seansik\u00fcpsiseid v\u00f5idakse kasutada veebilehe teatud funktsioonide, sisse logimiseks ja ostukorvi jaoks. Kasutuseesm\u00e4rk on v\u00f5imaldada meie teenuse kasutamist.<\/li>\n<li>P\u00fcsik\u00fcpsised (kui k\u00fclastaja annab n\u00f5usoleku, siis salvestuvad kasutaja arvutisse p\u00e4rast veebilehitseja sulgemist), mille eesm\u00e4rk on pidada meeles kliendi valikuid Mediagear O\u00dc veebilehtedel. P\u00fcsik\u00fcpsiseid v\u00f5idakse kasutada n\u00e4iteks teie kui veebilehe korduvk\u00fclastaja \u00e4ratundmiseks (nt\u00a0<a href=\"https:\/\/support.google.com\/adwords\/answer\/2453998?hl=en\">Google ReMarketing<\/a>\u00a0ehk\u00a0<a href=\"https:\/\/kodulehe-tegemine.eu\/google-reklaam\/google-adwords-remarketing-jarelturundus\/\">j\u00e4relturundus<\/a>funktsiooni kasutamiseks) ja veebilehe sisu kohandamiseks vastavalt teie vajadustele v\u00f5i statistiliste andmete kogumiseks.<\/li>\n<\/ul>\n<p>K\u00fcpsiseid kasutatakse meie veebilehtedel, et pakkuda Mediagear O\u00dc kodulehe k\u00fclastajale paremat kasutajakogemust. K\u00fcpsised v\u00f5imaldavad meie veebiserveritel \u00e4ra tunda Mediagear O\u00dc kodulehe ja kohandada kodulehe (kliendile kuvatava reklaami) sisu automaatselt nii, et see sobiks teie vajadustega, kui te lehte edasi k\u00fclastate ja ka tulevikus uuesti lehele satute. K\u00fcpsiste kasutamine lihtsustab kodulehe kasutajate vajaduste \u00e4ratundmist. K\u00fcpsised v\u00f5imaldavad koguda kasutajastatistikat, mis aitab meil m\u00f5\u00f5ta ja parandada meie kodulehe toimivust.<\/p>\n<p>Mediagear O\u00dc poolt kasutatavad k\u00fcpsised v\u00f5ivad olla loodud erinevate teenusepakkujate poolt, kes aitavad meil oma veebiteenuseid edendada. Sellised pakkujad on n\u00e4iteks Google ja Facebook \u2013 neist l\u00e4hemalt punktis \u201ct\u00e4psem k\u00fcpsiste kasutamine\u201d.<\/p>\n<p>Meie veebilehtede kasutajad loetakse k\u00fcpsistega n\u00f5ustunuks, kui nende veebilehitseja seadistustes on k\u00fcpsised lubatud.\u00a0Kui te k\u00fcpsistega ei n\u00f5ustu, ei pruugi k\u00f5ik meie kodulehe teenused ja funktsioonid olla korrektselt toimivad.<\/p>\n<p>Te saate alati ise otsustada, kas k\u00fcpsised oma veebilehitse s\u00e4tetes lubada v\u00f5i mitte. Kui te k\u00fcpsiseid ei soovi, seadistage oma veebilehitseja nii, et see keelab automaatselt k\u00fcpsised \u00e4ra v\u00f5i teatab teile iga kord, kui veebileht palub luba k\u00fcpsise lisamiseks. Vajalike seadistuste tegemiseks palun tutvuge oma veebilehitseja abifunktsiooniga.<\/p>\n<h3 class=\"wp-block-heading\">T\u00e4psem k\u00fcpsiste kasutamine Mediagear O\u00dc poolt:<\/h3>\n<ol>\n<li>Anal\u00fc\u00fctilisied k\u00fcpsised. Koguvad teavet, kuidas veebilehte kasutatakse \u2013 millistel sisulehtel viibitakse ja kaua viibitakse; milliseid sisulehti kasutatakse k\u00f5ige rohkem; mida otsitakse kodulehelt jms. Anal\u00fc\u00fctilised k\u00fcpsised ei kogu teavet, et oleks v\u00f5imalus veebilehe kasutaja otseselt tuvastada. Anal\u00fc\u00fctilised k\u00fcpsised on n\u00e4iteks Google Analyticsi k\u00fcpsised. Mediagear O\u00dc kodulehed kasutavad Google Analyticsi andmeid, mida kogutakse peamiselt Google Analyticsi osutatavate teenuste kaudu ja sellele kehtivad Google Analyticsi tingimused. Kodulehe sobimatu kasutuse kaitseks v\u00f5ime kasutada t\u00f6\u00f6riista Google Invisible reCAPTCHA, mis kogub riist- ja tarkvara andmeid, n\u00e4iteks seadme ja rakenduse andmeid ja teenuse terviklikkuse kontrollimiste tulemusi, samuti unikaalseid veebiidentifikaatoreid, nagu IP-aadress, ja saadab need andmed Google\u2019ile anal\u00fc\u00fcsimiseks. Seda teenust ( \u201ck\u00fcpsisted\u201d aktiveeritud) kasutades n\u00f5ustute isikuandmete edastamisega Google Analyticsile teenuse terviklikkuse kontrollimiseks ja ainult veebisaidi ohutuks kasutamiseks vajalike meetmete rakendamiseks.<\/li>\n<li>Reklaamik\u00fcpsiseid. Aitavad pakkuda (kuvada m\u00f5nes reklaamv\u00f5rgustikus) kasutaja huvidele sihitud reklaame. N\u00e4iteks Mediagear O\u00dc kodulehele on lisatud Facebook Pixel kood, mis aitab k\u00fclastajale kuvada sihitud reklaame Facebookis. Kui ei soovi Mediagear O\u00dc veebilehe reklaami Facebookis enam n\u00e4ha, siis saab selle keelata Facebooki eelistuste all. Avate\u00a0<a href=\"https:\/\/www.facebook.com\/ads\/preferences\">https:\/\/www.facebook.com\/ads\/preferences<\/a>ja kustutate \u201creklaamijad, kellega oled suhelnud\u201d k\u00f5ik kodulehed, kelle reklaami edaspidi ei soovi n\u00e4ha.<\/li>\n<\/ol>\n<p>Kasutajal on \u00f5igus keelduda k\u00fcpsiste salvestamisest arvutisse. Kasutaja peab muutma oma veebilehitseja seadeid. Enimlevinud veebisirvijate seadistamise juhendid:<\/p>\n<ul>\n<li>Chrome:\u00a0<a href=\"https:\/\/support.google.com\/chrome\/answer\/95647?hl=en\">https:\/\/support.google.com\/chrome\/answer\/95647?hl=en<\/a>\u00a0;<\/li>\n<li>Safari:\u00a0<a href=\"https:\/\/support.apple.com\/guide\/safari\/manage-cookies-and-website-data-sfri11471\/mac\">https:\/\/support.apple.com\/guide\/safari\/manage-cookies-and-website-data-sfri11471\/mac<\/a><\/li>\n<li>Firefox:\u00a0<a href=\"http:\/\/support.mozilla.org\/en-US\/kb\/Clear%20Recent%20History\">http:\/\/support.mozilla.org\/en-US\/kb\/Clear%20Recent%20History<\/a>\u00a0;<\/li>\n<li>Opera:\u00a0<a href=\"http:\/\/www.opera.com\/browser\/tutorials\/security\/privacy\">http:\/\/www.opera.com\/browser\/tutorials\/security\/privacy<\/a>\u00a0;<\/li>\n<li>Crome Explorer:\u00a0<a href=\"http:\/\/support.microsoft.com\/kb\/278835\">http:\/\/support.microsoft.com\/kb\/278835<\/a>\u00a0;<\/li>\n<\/ul>\n<p>K\u00fcpsiste blokeerimisel peab arvestama, et k\u00f5ik veebilehe funktsioonid ei pruugi enam k\u00e4ttesaadavad olla.K\u00fcpsised saab hiljem uuesti ka manuaalselt veebisirvijas aktiveerida.<\/p>\n<h2 class=\"wp-block-heading\">Mediagear O\u00dc poolt t\u00f6\u00f6deldavad isikuandmed<\/h2>\n<p>Kontaktanded: nimi, postiaadress, e-posti aadress, telefoninumber.<\/p>\n<p>P\u00e4ringu-, tagasiside-, kliendilepingu vormi t\u00e4itmise k\u00e4igus ja e-kirja saates tekkivad andmed: ettev\u00f5tte nimi, isikukood\/registrikood, k\u00e4ibemaksukohuslase nr, juriidiline aadress, kliendi eelistused seoses Mediagear O\u00dc teenustega, tagasisidevormis v\u00e4lja toodud andmed, p\u00e4ringuvormis edastatud andmed, e-kirjaga saadetud andmed Mediagear O\u00dc kontaktidele.<\/p>\n<p>Automaatselt kogutavad andmed:\u00a0kasutaja veebibrauserilt saadud andmed (nt veebisirvija liik), seadme t\u00fc\u00fcp (seade, millega viibiti kodulehel), suhtluskeel, veebisaidi aadress (Mediagear O\u00dc kodulehele saabuv sissetulev link, milliseid sisulehti kasutaja uuris, kaua teatud lehtedel viibis, kasutaja IP-aadress ja muud taolised kodulehestatistika andmed.<\/p>\n<p>Mediagear O\u00dc poolt saadetavate e-kirjade (uudiskirjade) saatmisega kogutavad andmed: andmed selle kohta, milliseid kirju, palju ning millal ja kuidas kasutaja avas.<\/p>\n<p>Muud isikuandmed: andmed, mille olete teinud avalikult k\u00e4ttesaadavaks v\u00f5i meile k\u00e4ttesaadavaks kolmandate isikute sotsiaalv\u00f5rgustikes nagu Facebook, Twitter, Google Plus, Instagram jms.<\/p>\n<p>Isikuandmete eriliike Mediagear O\u00dc ei t\u00f6\u00f6tle.<\/p>\n<h2 class=\"wp-block-heading\">Isikuandmete jagamine Mediagear O\u00dc poolt<\/h2>\n<p>Mediagear O\u00dc ei edasta kliendi andmeid v\u00e4ljapoole Euroopa (EU) Majanduspiirkonda ja ei jaga isikuandmeid kolmandatele osapooltele (va j\u00e4rgmises punktis v\u00e4lja toodud tingimustel). K\u00f5iki andmeid kasutatakse ainult kliendisuhtluseks ja toote-, teenusearenduse eesm\u00e4rgil.\u00a0Isikuandmeid v\u00f5ime jagada j\u00e4rgmistel juhtudel:\u00a0v\u00f5lgade sisse n\u00f5udmise; Riikliku j\u00e4relvalve asutused ja Politsei; Avalik tagasiside kliendi n\u00f5usolekul.<\/p>\n<h2 class=\"wp-block-heading\">Teie isikuandmete s\u00e4ilitamine ja turvalisus<\/h2>\n<p>Mediagear O\u00dc v\u00f5ib saata klientidele teavet teenuste, pakkumiste ja uudiste kohta, kui klient on meile ise andnud oma kontaktandmed v\u00f5i n\u00f5ustunud saama meilt teavet. Teavet saab klient niikaua, kuni klient palub viimaste tegevuste l\u00f5petamist v\u00f5i lahkub uudiskirja saajate grupist.<\/p>\n<p>Mediagear O\u00dc\u00a0s\u00e4ilitab isikuandmeid\u00a0nii kaua, kuni see on nende kogumise eesm\u00e4rgi saavutamiseks vajalik. Andmete s\u00e4ilitamise t\u00e4htaeg s\u00f5ltub ka vajadusest vastata andmesubjektide p\u00e4ringutele, lahendada erinevaid probleeme ja vajadust t\u00e4ita seadusej\u00e4rgseid dokumentide s\u00e4ilitamise n\u00f5udeid.<\/p>\n<p>Kui \u00f5igusaktid isikuandmete s\u00e4ilitamist ei n\u00f5ua ja Mediagear O\u00dc neid ei vaja, kustutame me need isikuandmed. Sel juhul v\u00f5ime antud isikuandmeid kasutada ainult statistilistel eesm\u00e4rkidel ja \u00fcksnes pseudon\u00fcmiseeritud (anon\u00fcmiseeritud) kujul.<\/p>\n<p>Isikuandmete\u00a0turvalisuse koha pealt p\u00fc\u00fcame teha k\u00f5ik v\u00f5imaliku, et v\u00e4ltida andmetele loata juurdep\u00e4\u00e4su. Mediagear O\u00dc poolt kogutavate ja t\u00f6\u00f6deldavate isikuandmete kaitseks on kehtestanud m\u00f5istlikud kaitsemeetmed tehniliste ja f\u00fc\u00fcsiliste piirangutega. Tagame andmetele juurdep\u00e4\u00e4su l\u00e4htudes \u00fcksnes kehtivatest \u00f5igusaktidest ja sealjuures kaitseme maksimaalselt isikuandmete konfidentsiaalsust.<\/p>\n<p>Kui on k\u00fcsimusi Teie isikuandmete s\u00e4ilitamise v\u00f5i turvalisuse kohta, siis palun kirjutada\u00a0<span id=\"eeb-856502-19798\"><span id=\"eeb-908753-836123\">info@mediagear.ee<\/span><\/span>.<\/p>\n<h2 class=\"wp-block-heading\">Kliendi \u00f5igused<\/h2>\n<p>Kliendil on \u00f5igus p\u00e4\u00e4seda ligi Mediagear O\u00dc poolt t\u00f6\u00f6deldavatele ja s\u00e4ilitatavatele\u00a0Kliendi enda\u00a0isikuandmetele ja \u00f5igus n\u00f5uda ebat\u00e4psuste korrigeerimist.<\/p>\n<p>Mediagear O\u00dc poolt saadud turundusteatest loobumiseks j\u00e4rgige palun turundusteate jaluses (Footeris) olevaid loobumisjuhiseid v\u00f5i kirjutage kodulehe p\u00e4ringuvormi sellekohane sooviavaldus v\u00f5i saatke e-kiri aadressil\u00a0<span id=\"eeb-733074-716637\"><span id=\"eeb-755612-293077\">info@mediagear.ee<\/span><\/span>.<\/p>\n<p>Mediagear O\u00dc peab j\u00e4rgima mitmeid kliendi\u00f5iguseid: parandamis\u00f5igusega on kliendil \u00f5igus n\u00f5uda, et temaga seotud eba\u00f5iged isikuandmed viivituseta korrigeeritaks; Kliendil on \u00f5igus n\u00f5uda tema andmete kustutamist, kui on t\u00e4idetud teatud lisatingimused. Kliendil on \u00f5igus n\u00f5uda enda isikuandmete t\u00f6\u00f6tlemist.<\/p>\n<p>Kui isikuandmete t\u00f6\u00f6tlemise aluseks on kliendi n\u00f5usolek, siis on kliendi \u00f5igus see n\u00f5usolek igal ajal tagasi v\u00f5tta.<\/p>\n<p>Kui on k\u00fcsimusi oma \u00f5iguste kohta v\u00f5i soovite rakendada m\u00f5nda allolevat punkti, siis palun saata vastavasisuline kiri\u00a0<span id=\"eeb-171132-749511\"><span id=\"eeb-992357-443773\">info@mediagear.ee<\/span><\/span>. Kui Mediagear O\u00dc poolt pakutud lahendus ei rahulda teid, siis on teil \u00f5igus p\u00f6\u00f6rduda Eesti Vabariigi Andmekaitse Inspektsiooni poole.<\/p>\n<h2 class=\"wp-block-heading\">Muud S\u00e4tted<\/h2>\n<p>Mediagear O\u00dc v\u00f5ib isikuandmete kaitse ja privaatsustingimusi aeg-ajalt \u00fchepoolselt muuta sellest ette teatamata, et kindlustada meie vastavus seadustele ja\/v\u00f5i k\u00fcpsiseid puudutavatele \u00fcldiselt tunnustatud tavadele. K\u00e4esolevale privaatsuspoliitikale kohalduvad Eesti Vabariigi seadused. Kui teil on k\u00fcsimusi, siis v\u00f5tke meiega \u00fchendust saates kiri\u00a0<span id=\"eeb-654384-174315\"><span id=\"eeb-85926-794224\">info@mediagear.ee<\/span><\/span>.<\/p>\n","protected":false},"excerpt":{"rendered":"<p>Isikuandmete kaitse ja privaatsuspoliitika l\u00e4htuvalt isikuandmete kaitse \u00fcldm\u00e4\u00e4rusest (GDPR) K\u00e4esolev isikuandmete kaitse ja privaatsuspoliitika \u00fclevaade annab infot selle kohta, kuidas ja milleks Mediagear O\u00dc kodulehe k\u00fclastajate andmeid (sh p\u00e4ringu saatjad, kliendilepingu s\u00f5lmijad) kogub, t\u00f6\u00f6tleb, jagab. Privaatsuspoliitika l\u00e4htub andmekaitse \u00fcldregulatsioonist (GDPR \u2013 General Data Protection Regulation), millega saab l\u00e4hemalt tutvuda ametlikul veebilehel\u00a0https:\/\/www.eugdpr.org\/eugdpr.org-1.html. Isikuandmete kaitse ja privaatsuspoliitika [&hellip;]<\/p>\n","protected":false},"author":1,"featured_media":0,"parent":0,"menu_order":0,"comment_status":"closed","ping_status":"closed","template":"","meta":{"_acf_changed":false,"footnotes":""},"class_list":["post-200730","page","type-page","status-publish","hentry"],"acf":[],"yoast_head":"<!-- This site is optimized with the Yoast SEO plugin v27.1.1 - https:\/\/yoast.com\/product\/yoast-seo-wordpress\/ -->\n<title>Privaatsuspoliitika - MediaGear<\/title>\n<meta name=\"robots\" content=\"index, follow, max-snippet:-1, max-image-preview:large, max-video-preview:-1\" \/>\n<link rel=\"canonical\" href=\"https:\/\/mediagear.ee\/et\/privaatsuspoliitika\/\" \/>\n<meta property=\"og:locale\" content=\"et_EE\" \/>\n<meta property=\"og:type\" content=\"article\" \/>\n<meta property=\"og:title\" content=\"Privaatsuspoliitika - MediaGear\" \/>\n<meta property=\"og:description\" content=\"Isikuandmete kaitse ja privaatsuspoliitika l\u00e4htuvalt isikuandmete kaitse \u00fcldm\u00e4\u00e4rusest (GDPR) K\u00e4esolev isikuandmete kaitse ja privaatsuspoliitika \u00fclevaade annab infot selle kohta, kuidas ja milleks Mediagear O\u00dc kodulehe k\u00fclastajate andmeid (sh p\u00e4ringu saatjad, kliendilepingu s\u00f5lmijad) kogub, t\u00f6\u00f6tleb, jagab. Privaatsuspoliitika l\u00e4htub andmekaitse \u00fcldregulatsioonist (GDPR \u2013 General Data Protection Regulation), millega saab l\u00e4hemalt tutvuda ametlikul veebilehel\u00a0https:\/\/www.eugdpr.org\/eugdpr.org-1.html. Isikuandmete kaitse ja privaatsuspoliitika [&hellip;]\" \/>\n<meta property=\"og:url\" content=\"https:\/\/mediagear.ee\/et\/privaatsuspoliitika\/\" \/>\n<meta property=\"og:site_name\" content=\"MediaGear\" \/>\n<meta property=\"article:publisher\" content=\"https:\/\/www.facebook.com\/Mediagear.ee\/\" \/>\n<meta property=\"article:modified_time\" content=\"2025-06-10T06:26:44+00:00\" \/>\n<meta property=\"og:image\" content=\"https:\/\/mediagear.ee\/wp-content\/uploads\/2025\/09\/MediaGear-featured-image-EST-1000px.webp\" \/>\n\t<meta property=\"og:image:width\" content=\"1000\" \/>\n\t<meta property=\"og:image:height\" content=\"1000\" \/>\n\t<meta property=\"og:image:type\" content=\"image\/webp\" \/>\n<meta name=\"twitter:card\" content=\"summary_large_image\" \/>\n<meta name=\"twitter:label1\" content=\"Est. reading time\" \/>\n\t<meta name=\"twitter:data1\" content=\"8 minutit\" \/>\n<script type=\"application\/ld+json\" class=\"yoast-schema-graph\">{\"@context\":\"https:\/\/schema.org\",\"@graph\":[{\"@type\":\"WebPage\",\"@id\":\"https:\/\/mediagear.ee\/et\/privaatsuspoliitika\/\",\"url\":\"https:\/\/mediagear.ee\/et\/privaatsuspoliitika\/\",\"name\":\"Privaatsuspoliitika - MediaGear\",\"isPartOf\":{\"@id\":\"https:\/\/mediagear.ee\/et\/#website\"},\"datePublished\":\"2024-02-07T09:36:50+00:00\",\"dateModified\":\"2025-06-10T06:26:44+00:00\",\"breadcrumb\":{\"@id\":\"https:\/\/mediagear.ee\/et\/privaatsuspoliitika\/#breadcrumb\"},\"inLanguage\":\"et\",\"potentialAction\":[{\"@type\":\"ReadAction\",\"target\":[\"https:\/\/mediagear.ee\/et\/privaatsuspoliitika\/\"]}]},{\"@type\":\"BreadcrumbList\",\"@id\":\"https:\/\/mediagear.ee\/et\/privaatsuspoliitika\/#breadcrumb\",\"itemListElement\":[{\"@type\":\"ListItem\",\"position\":1,\"name\":\"Avaleht\",\"item\":\"https:\/\/mediagear.ee\/et\/\"},{\"@type\":\"ListItem\",\"position\":2,\"name\":\"Privaatsuspoliitika\"}]},{\"@type\":\"WebSite\",\"@id\":\"https:\/\/mediagear.ee\/et\/#website\",\"url\":\"https:\/\/mediagear.ee\/et\/\",\"name\":\"MediaGear\",\"description\":\"Full-service solutions in AV equipment\",\"publisher\":{\"@id\":\"https:\/\/mediagear.ee\/et\/#organization\"},\"potentialAction\":[{\"@type\":\"SearchAction\",\"target\":{\"@type\":\"EntryPoint\",\"urlTemplate\":\"https:\/\/mediagear.ee\/et\/?s={search_term_string}\"},\"query-input\":{\"@type\":\"PropertyValueSpecification\",\"valueRequired\":true,\"valueName\":\"search_term_string\"}}],\"inLanguage\":\"et\"},{\"@type\":\"Organization\",\"@id\":\"https:\/\/mediagear.ee\/et\/#organization\",\"name\":\"Mediagear\",\"url\":\"https:\/\/mediagear.ee\/et\/\",\"logo\":{\"@type\":\"ImageObject\",\"inLanguage\":\"et\",\"@id\":\"https:\/\/mediagear.ee\/et\/#\/schema\/logo\/image\/\",\"url\":\"http:\/\/mediagear.ee\/wp-content\/uploads\/2024\/05\/MediaGear-logo-transp.png\",\"contentUrl\":\"http:\/\/mediagear.ee\/wp-content\/uploads\/2024\/05\/MediaGear-logo-transp.png\",\"width\":600,\"height\":200,\"caption\":\"Mediagear\"},\"image\":{\"@id\":\"https:\/\/mediagear.ee\/et\/#\/schema\/logo\/image\/\"},\"sameAs\":[\"https:\/\/www.facebook.com\/Mediagear.ee\/\",\"https:\/\/www.instagram.com\/mediagear_ee\/\"]}]}<\/script>\n<!-- \/ Yoast SEO plugin. -->","yoast_head_json":{"title":"Privaatsuspoliitika - MediaGear","robots":{"index":"index","follow":"follow","max-snippet":"max-snippet:-1","max-image-preview":"max-image-preview:large","max-video-preview":"max-video-preview:-1"},"canonical":"https:\/\/mediagear.ee\/et\/privaatsuspoliitika\/","og_locale":"et_EE","og_type":"article","og_title":"Privaatsuspoliitika - MediaGear","og_description":"Isikuandmete kaitse ja privaatsuspoliitika l\u00e4htuvalt isikuandmete kaitse \u00fcldm\u00e4\u00e4rusest (GDPR) K\u00e4esolev isikuandmete kaitse ja privaatsuspoliitika \u00fclevaade annab infot selle kohta, kuidas ja milleks Mediagear O\u00dc kodulehe k\u00fclastajate andmeid (sh p\u00e4ringu saatjad, kliendilepingu s\u00f5lmijad) kogub, t\u00f6\u00f6tleb, jagab. Privaatsuspoliitika l\u00e4htub andmekaitse \u00fcldregulatsioonist (GDPR \u2013 General Data Protection Regulation), millega saab l\u00e4hemalt tutvuda ametlikul veebilehel\u00a0https:\/\/www.eugdpr.org\/eugdpr.org-1.html. Isikuandmete kaitse ja privaatsuspoliitika [&hellip;]","og_url":"https:\/\/mediagear.ee\/et\/privaatsuspoliitika\/","og_site_name":"MediaGear","article_publisher":"https:\/\/www.facebook.com\/Mediagear.ee\/","article_modified_time":"2025-06-10T06:26:44+00:00","og_image":[{"width":1000,"height":1000,"url":"https:\/\/mediagear.ee\/wp-content\/uploads\/2025\/09\/MediaGear-featured-image-EST-1000px.webp","type":"image\/webp"}],"twitter_card":"summary_large_image","twitter_misc":{"Est. reading time":"8 minutit"},"schema":{"@context":"https:\/\/schema.org","@graph":[{"@type":"WebPage","@id":"https:\/\/mediagear.ee\/et\/privaatsuspoliitika\/","url":"https:\/\/mediagear.ee\/et\/privaatsuspoliitika\/","name":"Privaatsuspoliitika - MediaGear","isPartOf":{"@id":"https:\/\/mediagear.ee\/et\/#website"},"datePublished":"2024-02-07T09:36:50+00:00","dateModified":"2025-06-10T06:26:44+00:00","breadcrumb":{"@id":"https:\/\/mediagear.ee\/et\/privaatsuspoliitika\/#breadcrumb"},"inLanguage":"et","potentialAction":[{"@type":"ReadAction","target":["https:\/\/mediagear.ee\/et\/privaatsuspoliitika\/"]}]},{"@type":"BreadcrumbList","@id":"https:\/\/mediagear.ee\/et\/privaatsuspoliitika\/#breadcrumb","itemListElement":[{"@type":"ListItem","position":1,"name":"Avaleht","item":"https:\/\/mediagear.ee\/et\/"},{"@type":"ListItem","position":2,"name":"Privaatsuspoliitika"}]},{"@type":"WebSite","@id":"https:\/\/mediagear.ee\/et\/#website","url":"https:\/\/mediagear.ee\/et\/","name":"MediaGear","description":"Full-service solutions in AV equipment","publisher":{"@id":"https:\/\/mediagear.ee\/et\/#organization"},"potentialAction":[{"@type":"SearchAction","target":{"@type":"EntryPoint","urlTemplate":"https:\/\/mediagear.ee\/et\/?s={search_term_string}"},"query-input":{"@type":"PropertyValueSpecification","valueRequired":true,"valueName":"search_term_string"}}],"inLanguage":"et"},{"@type":"Organization","@id":"https:\/\/mediagear.ee\/et\/#organization","name":"Mediagear","url":"https:\/\/mediagear.ee\/et\/","logo":{"@type":"ImageObject","inLanguage":"et","@id":"https:\/\/mediagear.ee\/et\/#\/schema\/logo\/image\/","url":"http:\/\/mediagear.ee\/wp-content\/uploads\/2024\/05\/MediaGear-logo-transp.png","contentUrl":"http:\/\/mediagear.ee\/wp-content\/uploads\/2024\/05\/MediaGear-logo-transp.png","width":600,"height":200,"caption":"Mediagear"},"image":{"@id":"https:\/\/mediagear.ee\/et\/#\/schema\/logo\/image\/"},"sameAs":["https:\/\/www.facebook.com\/Mediagear.ee\/","https:\/\/www.instagram.com\/mediagear_ee\/"]}]}},"_links":{"self":[{"href":"https:\/\/mediagear.ee\/et\/wp-json\/wp\/v2\/pages\/200730","targetHints":{"allow":["GET"]}}],"collection":[{"href":"https:\/\/mediagear.ee\/et\/wp-json\/wp\/v2\/pages"}],"about":[{"href":"https:\/\/mediagear.ee\/et\/wp-json\/wp\/v2\/types\/page"}],"author":[{"embeddable":true,"href":"https:\/\/mediagear.ee\/et\/wp-json\/wp\/v2\/users\/1"}],"replies":[{"embeddable":true,"href":"https:\/\/mediagear.ee\/et\/wp-json\/wp\/v2\/comments?post=200730"}],"version-history":[{"count":0,"href":"https:\/\/mediagear.ee\/et\/wp-json\/wp\/v2\/pages\/200730\/revisions"}],"wp:attachment":[{"href":"https:\/\/mediagear.ee\/et\/wp-json\/wp\/v2\/media?parent=200730"}],"curies":[{"name":"wp","href":"https:\/\/api.w.org\/{rel}","templated":true}]}}